{"id":128,"date":"2019-10-16T19:34:01","date_gmt":"2019-10-16T19:34:01","guid":{"rendered":"https:\/\/szeffesztival.hu\/?page_id=128"},"modified":"2024-08-08T23:29:47","modified_gmt":"2024-08-08T21:29:47","slug":"location","status":"publish","type":"page","link":"https:\/\/szeffesztival.hu\/en\/location\/","title":{"rendered":"Location"},"content":{"rendered":"<p><div class=\"fusion-fullwidth fullwidth-box fusion-builder-row-1 fusion-flex-container has-pattern-background has-mask-background nonhundred-percent-fullwidth non-hundred-percent-height-scrolling\" style=\"--awb-border-radius-top-left:0px;--awb-border-radius-top-right:0px;--awb-border-radius-bottom-right:0px;--awb-border-radius-bottom-left:0px;--awb-flex-wrap:wrap;\" ><div class=\"fusion-builder-row fusion-row fusion-flex-align-items-flex-start fusion-flex-content-wrap\" style=\"max-width:1216.8px;margin-left: calc(-4% \/ 2 );margin-right: calc(-4% \/ 2 );\"><div class=\"fusion-layout-column fusion_builder_column fusion-builder-column-0 fusion_builder_column_1_1 1_1 fusion-flex-column\" style=\"--awb-bg-size:cover;--awb-width-large:100%;--awb-margin-top-large:20px;--awb-spacing-right-large:1.92%;--awb-margin-bottom-large:20px;--awb-spacing-left-large:1.92%;--awb-width-medium:100%;--awb-order-medium:0;--awb-spacing-right-medium:1.92%;--awb-spacing-left-medium:1.92%;--awb-width-small:100%;--awb-order-small:0;--awb-spacing-right-small:1.92%;--awb-spacing-left-small:1.92%;\"><div class=\"fusion-column-wrapper fusion-column-has-shadow fusion-flex-justify-content-flex-start fusion-content-layout-column\"><div class=\"fusion-menu-anchor\" id=\"map\"><\/div><div class=\"fusion-title title fusion-title-1 fusion-sep-none fusion-title-center fusion-title-text fusion-title-size-two fusion-animated\" style=\"--awb-margin-top:0px;\" data-animationtype=\"bounceInLeft\" data-animationoffset=\"top-into-view\"><h2 class=\"fusion-title-heading title-heading-center fusion-responsive-typography-calculated\" style=\"margin:0;letter-spacing:3px;--fontSize:50.4;line-height:1.3;\"><b>Festival map<\/b><\/h2><\/div><div class=\"fusion-image-element\" style=\"--awb-caption-title-font-family:var(--h2_typography-font-family);--awb-caption-title-font-weight:var(--h2_typography-font-weight);--awb-caption-title-font-style:var(--h2_typography-font-style);--awb-caption-title-size:var(--h2_typography-font-size);--awb-caption-title-transform:var(--h2_typography-text-transform);--awb-caption-title-line-height:var(--h2_typography-line-height);--awb-caption-title-letter-spacing:var(--h2_typography-letter-spacing);\"><span class=\"fusion-imageframe imageframe-none imageframe-1 hover-type-none\"><img decoding=\"async\" width=\"2560\" height=\"1879\" title=\"terkep_2024\" src=\"https:\/\/szeffesztival.hu\/wp-content\/uploads\/2024\/08\/terkep_2024-1.jpg\" data-orig-src=\"https:\/\/szeffesztival.hu\/wp-content\/uploads\/2024\/08\/terkep_2024-1.jpg\" alt class=\"lazyload img-responsive wp-image-4736\" srcset=\"data:image\/svg+xml,%3Csvg%20xmlns%3D%27http%3A%2F%2Fwww.w3.org%2F2000%2Fsvg%27%20width%3D%272560%27%20height%3D%271879%27%20viewBox%3D%270%200%202560%201879%27%3E%3Crect%20width%3D%272560%27%20height%3D%271879%27%20fill-opacity%3D%220%22%2F%3E%3C%2Fsvg%3E\" data-srcset=\"https:\/\/szeffesztival.hu\/wp-content\/uploads\/2024\/08\/terkep_2024-1-200x147.jpg 200w, https:\/\/szeffesztival.hu\/wp-content\/uploads\/2024\/08\/terkep_2024-1-400x294.jpg 400w, https:\/\/szeffesztival.hu\/wp-content\/uploads\/2024\/08\/terkep_2024-1-600x440.jpg 600w, https:\/\/szeffesztival.hu\/wp-content\/uploads\/2024\/08\/terkep_2024-1-800x587.jpg 800w, https:\/\/szeffesztival.hu\/wp-content\/uploads\/2024\/08\/terkep_2024-1-1200x881.jpg 1200w, https:\/\/szeffesztival.hu\/wp-content\/uploads\/2024\/08\/terkep_2024-1.jpg 2560w\" data-sizes=\"auto\" data-orig-sizes=\"(max-width: 1024px) 100vw, (max-width: 640px) 100vw, 1200px\" \/><\/span><\/div><\/div><\/div><\/div><\/div><div class=\"fusion-fullwidth fullwidth-box fusion-builder-row-2 fusion-flex-container has-pattern-background has-mask-background nonhundred-percent-fullwidth non-hundred-percent-height-scrolling\" style=\"--awb-border-radius-top-left:0px;--awb-border-radius-top-right:0px;--awb-border-radius-bottom-right:0px;--awb-border-radius-bottom-left:0px;--awb-flex-wrap:wrap;\" ><div class=\"fusion-builder-row fusion-row fusion-flex-align-items-flex-start fusion-flex-content-wrap\" style=\"max-width:1216.8px;margin-left: calc(-4% \/ 2 );margin-right: calc(-4% \/ 2 );\"><div class=\"fusion-layout-column fusion_builder_column fusion-builder-column-1 fusion_builder_column_1_1 1_1 fusion-flex-column\" style=\"--awb-bg-size:cover;--awb-width-large:100%;--awb-margin-top-large:20px;--awb-spacing-right-large:1.92%;--awb-margin-bottom-large:20px;--awb-spacing-left-large:1.92%;--awb-width-medium:100%;--awb-order-medium:0;--awb-spacing-right-medium:1.92%;--awb-spacing-left-medium:1.92%;--awb-width-small:100%;--awb-order-small:0;--awb-spacing-right-small:1.92%;--awb-spacing-left-small:1.92%;\"><div class=\"fusion-column-wrapper fusion-column-has-shadow fusion-flex-justify-content-flex-start fusion-content-layout-column\"><div class=\"fusion-menu-anchor\" id=\"info\"><\/div><div class=\"fusion-title title fusion-title-2 fusion-sep-none fusion-title-center fusion-title-text fusion-title-size-two fusion-animated\" style=\"--awb-margin-top:0px;\" data-animationtype=\"bounceInLeft\" data-animationoffset=\"top-into-view\"><h2 class=\"fusion-title-heading title-heading-center fusion-responsive-typography-calculated\" style=\"margin:0;letter-spacing:3px;--fontSize:50.4;line-height:1.3;\"><b>Festival information<\/b><\/h2><\/div><ul style=\"--awb-line-height:30.6px;--awb-icon-width:30.6px;--awb-icon-height:30.6px;--awb-icon-margin:12.6px;--awb-content-margin:43.2px;--awb-circlecolor:var(--awb-color2);--awb-circle-yes-font-size:15.84px;\" class=\"fusion-checklist fusion-checklist-1 fusion-checklist-default type-icons\"><li class=\"fusion-li-item\" style=\"\"><span class=\"icon-wrapper circle-yes\"><i class=\"fusion-li-icon fa-ticket-alt fas\" aria-hidden=\"true\"><\/i><\/span><div class=\"fusion-li-item-content\">\n<p>You can only stay in the festival area with a valid wristband. You can pick up the wristband at the cash desk at the entrance to the beach. Entry is free for children younger than 8 and residents of Cserje Street.<\/p>\n<p>Ticket office opening hours, on-site ticket sales: 10:30 a.m. to 10:00 p.m<\/p>\n<\/div><\/li><li class=\"fusion-li-item\" style=\"\"><span class=\"icon-wrapper circle-yes\"><i class=\"fusion-li-icon fa-parking fas\" aria-hidden=\"true\"><\/i><\/span><div class=\"fusion-li-item-content\">Recommended parking in the parking lot of the port on Cserje Street, opening from Ladik Street.<\/div><\/li><li class=\"fusion-li-item\" style=\"\"><span class=\"icon-wrapper circle-yes\"><i class=\"fusion-li-icon fa-glass-cheers fas\" aria-hidden=\"true\"><\/i><\/span><div class=\"fusion-li-item-content\">\n<p class=\"p1\">Please do not bring food or drink into the festival area, our gastronomic vendors await you with an excellent offer!<\/p>\n<\/div><\/li><li class=\"fusion-li-item\" style=\"\"><span class=\"icon-wrapper circle-yes\"><i class=\"fusion-li-icon fa-umbrella-beach fas\" aria-hidden=\"true\"><\/i><\/span><div class=\"fusion-li-item-content\">\n<p>You can go to the beach in Lake Velence every day between 10:30 and 20:00, at your own risk!<br \/>Bathing is prohibited during the evening concerts and dance hall!<\/p>\n<\/div><\/li><li class=\"fusion-li-item\" style=\"\"><span class=\"icon-wrapper circle-yes\"><i class=\"fusion-li-icon fa-info-circle fas\" aria-hidden=\"true\"><\/i><\/span><div class=\"fusion-li-item-content\">Buy your new festival glasses or T-shirts at the Info Point!<\/p>\n<p class=\"p1\">If your mobile phone or other smart device is dead, don&#039;t worry, you can charge them at the Mobile charging point in the Info tent, free of charge!<\/p>\n<p>Info Point opening hours: 12:00-21:00<\/div><\/li><li class=\"fusion-li-item\" style=\"\"><span class=\"icon-wrapper circle-yes\"><i class=\"fusion-li-icon fa-subway fas\" aria-hidden=\"true\"><\/i><\/span><div class=\"fusion-li-item-content\">\n<p>If you can, come to the festival by public transport, trains leave every hour in the direction of Sz\u00e9kesfeh\u00e9rv\u00e1r and Budapest, even during the night!<\/p>\n<\/div><\/li><li class=\"fusion-li-item\" style=\"\"><span class=\"icon-wrapper circle-yes\"><i class=\"fusion-li-icon fa-sun fas\" aria-hidden=\"true\"><\/i><\/span><div class=\"fusion-li-item-content\">\n<p>The festival can be visited every day between 10:30 and 02:00.<\/p>\n<\/div><\/li><\/ul><\/div><\/div><\/div><\/div><div class=\"fusion-fullwidth fullwidth-box fusion-builder-row-3 fusion-flex-container has-pattern-background has-mask-background nonhundred-percent-fullwidth non-hundred-percent-height-scrolling\" style=\"--awb-border-radius-top-left:0px;--awb-border-radius-top-right:0px;--awb-border-radius-bottom-right:0px;--awb-border-radius-bottom-left:0px;--awb-flex-wrap:wrap;\" ><div class=\"fusion-builder-row fusion-row fusion-flex-align-items-center fusion-flex-content-wrap\" style=\"max-width:1216.8px;margin-left: calc(-4% \/ 2 );margin-right: calc(-4% \/ 2 );\"><div class=\"fusion-layout-column fusion_builder_column fusion-builder-column-2 fusion_builder_column_2_5 2_5 fusion-flex-column fusion-flex-align-self-stretch\" style=\"--awb-bg-size:cover;--awb-transition:filter 300ms ease-in, transform 300ms ease-in, background-color 300ms ease-in, border-color 300ms ease-in;--awb-width-large:40%;--awb-margin-top-large:20px;--awb-spacing-right-large:4.8%;--awb-margin-bottom-large:20px;--awb-spacing-left-large:4.8%;--awb-width-medium:100%;--awb-order-medium:0;--awb-spacing-right-medium:1.92%;--awb-spacing-left-medium:1.92%;--awb-width-small:100%;--awb-order-small:0;--awb-spacing-right-small:1.92%;--awb-spacing-left-small:1.92%;\"><div class=\"fusion-column-wrapper fusion-column-has-shadow fusion-flex-justify-content-center fusion-content-layout-column\"><div class=\"fusion-menu-anchor\" id=\"address\"><\/div><div class=\"fusion-title title fusion-title-3 fusion-sep-none fusion-title-center fusion-title-text fusion-title-size-two fusion-animated\" style=\"--awb-margin-top:0px;\" data-animationtype=\"bounceInLeft\" data-animationoffset=\"top-into-view\"><h2 class=\"fusion-title-heading title-heading-center fusion-responsive-typography-calculated\" style=\"margin:0;letter-spacing:3px;--fontSize:50.4;line-height:1.3;\"><b>Peace beach<br \/><\/b>Venice Bath<\/h2><\/div><div class=\"fusion-text fusion-text-1\" style=\"--awb-content-alignment:center;\"><p>2481 Venencef\u00fcrd\u0151, Cserje utca 11.<\/p>\n<\/div><\/div><\/div><div class=\"fusion-layout-column fusion_builder_column fusion-builder-column-3 fusion_builder_column_3_5 3_5 fusion-flex-column fusion-flex-align-self-stretch\" style=\"--awb-bg-size:cover;--awb-width-large:60%;--awb-margin-top-large:20px;--awb-spacing-right-large:3.2%;--awb-margin-bottom-large:20px;--awb-spacing-left-large:3.2%;--awb-width-medium:100%;--awb-order-medium:0;--awb-spacing-right-medium:1.92%;--awb-spacing-left-medium:1.92%;--awb-width-small:100%;--awb-order-small:0;--awb-spacing-right-small:1.92%;--awb-spacing-left-small:1.92%;\"><div class=\"fusion-column-wrapper fusion-column-has-shadow fusion-flex-justify-content-center fusion-content-layout-column\"><div style=\"width: 100%\"><iframe width=\"100%\" height=\"400\" frameborder=\"0\" scrolling=\"no\" marginheight=\"0\" marginwidth=\"0\" src=\"https:\/\/maps.google.com\/maps?width=100%25&height=600&hl=en&q=B%C3%A9ke%20strand+(B%C3%A9ke%20strand)&t=&z=16&ie=UTF8&iwloc=B&output=embed\"><a href=\"https:\/\/www.gps.ie\/\">gps vehicle tracker<\/a><\/iframe><\/div><\/div><\/div><\/div><\/div><\/p>","protected":false},"excerpt":{"rendered":"","protected":false},"author":1,"featured_media":3604,"parent":0,"menu_order":0,"comment_status":"closed","ping_status":"closed","template":"100-width.php","meta":{"_monsterinsights_skip_tracking":false,"_monsterinsights_sitenote_active":false,"_monsterinsights_sitenote_note":"","_monsterinsights_sitenote_category":0,"footnotes":""},"class_list":["post-128","page","type-page","status-publish","has-post-thumbnail","hentry"],"yoast_head":"<!-- This site is optimized with the Yoast SEO plugin v27.4 - https:\/\/yoast.com\/product\/yoast-seo-wordpress\/ -->\n<title>Helysz\u00edn - SZ\u00c9F Fesztiv\u00e1l 2024<\/title>\n<meta name=\"description\" content=\"Nyugat-Dun\u00e1nt\u00falon, a mes\u00e9s Sz\u00e9csiszigeten, a Szap\u00e1ry-kast\u00e9ly ter\u00fclet\u00e9n v\u00e1r a nyugalom, a csal\u00e1dias k\u00f6z\u00f6ss\u00e9g \u00e9s a SZ\u00c9F Fesztiv\u00e1l helysz\u00ednei!\" \/>\n<meta name=\"robots\" content=\"index, follow, max-snippet:-1, max-image-preview:large, max-video-preview:-1\" \/>\n<link rel=\"canonical\" href=\"https:\/\/szeffesztival.hu\/en\/location\/\" \/>\n<meta property=\"og:locale\" content=\"en_GB\" \/>\n<meta property=\"og:type\" content=\"article\" \/>\n<meta property=\"og:title\" content=\"Helysz\u00edn - SZ\u00c9F Fesztiv\u00e1l 2024\" \/>\n<meta property=\"og:description\" content=\"Nyugat-Dun\u00e1nt\u00falon, a mes\u00e9s Sz\u00e9csiszigeten, a Szap\u00e1ry-kast\u00e9ly ter\u00fclet\u00e9n v\u00e1r a nyugalom, a csal\u00e1dias k\u00f6z\u00f6ss\u00e9g \u00e9s a SZ\u00c9F Fesztiv\u00e1l helysz\u00ednei!\" \/>\n<meta property=\"og:url\" content=\"https:\/\/szeffesztival.hu\/en\/location\/\" \/>\n<meta property=\"og:site_name\" content=\"SZ\u00c9F Fesztiv\u00e1l 2024\" \/>\n<meta property=\"article:publisher\" content=\"https:\/\/www.facebook.com\/szefesztival\" \/>\n<meta property=\"article:modified_time\" content=\"2024-08-08T21:29:47+00:00\" \/>\n<meta property=\"og:image\" content=\"https:\/\/szeffesztival.hu\/wp-content\/uploads\/2023\/03\/295919966_1194441681335787_8980164351682267070_n.jpeg\" \/>\n\t<meta property=\"og:image:width\" content=\"2000\" \/>\n\t<meta property=\"og:image:height\" content=\"1292\" \/>\n\t<meta property=\"og:image:type\" content=\"image\/jpeg\" \/>\n<meta name=\"twitter:card\" content=\"summary_large_image\" \/>\n<meta name=\"twitter:label1\" content=\"Estimated reading time\" \/>\n\t<meta name=\"twitter:data1\" content=\"1 minute\" \/>\n<script type=\"application\/ld+json\" class=\"yoast-schema-graph\">{\"@context\":\"https:\\\/\\\/schema.org\",\"@graph\":[{\"@type\":\"WebPage\",\"@id\":\"https:\\\/\\\/szeffesztival.hu\\\/location\\\/\",\"url\":\"https:\\\/\\\/szeffesztival.hu\\\/location\\\/\",\"name\":\"Helysz\u00edn - SZ\u00c9F Fesztiv\u00e1l 2024\",\"isPartOf\":{\"@id\":\"https:\\\/\\\/szeffesztival.hu\\\/#website\"},\"primaryImageOfPage\":{\"@id\":\"https:\\\/\\\/szeffesztival.hu\\\/location\\\/#primaryimage\"},\"image\":{\"@id\":\"https:\\\/\\\/szeffesztival.hu\\\/location\\\/#primaryimage\"},\"thumbnailUrl\":\"https:\\\/\\\/szeffesztival.hu\\\/wp-content\\\/uploads\\\/2023\\\/03\\\/295919966_1194441681335787_8980164351682267070_n.jpeg\",\"datePublished\":\"2019-10-16T19:34:01+00:00\",\"dateModified\":\"2024-08-08T21:29:47+00:00\",\"description\":\"Nyugat-Dun\u00e1nt\u00falon, a mes\u00e9s Sz\u00e9csiszigeten, a Szap\u00e1ry-kast\u00e9ly ter\u00fclet\u00e9n v\u00e1r a nyugalom, a csal\u00e1dias k\u00f6z\u00f6ss\u00e9g \u00e9s a SZ\u00c9F Fesztiv\u00e1l helysz\u00ednei!\",\"breadcrumb\":{\"@id\":\"https:\\\/\\\/szeffesztival.hu\\\/location\\\/#breadcrumb\"},\"inLanguage\":\"en-GB\",\"potentialAction\":[{\"@type\":\"ReadAction\",\"target\":[\"https:\\\/\\\/szeffesztival.hu\\\/location\\\/\"]}]},{\"@type\":\"ImageObject\",\"inLanguage\":\"en-GB\",\"@id\":\"https:\\\/\\\/szeffesztival.hu\\\/location\\\/#primaryimage\",\"url\":\"https:\\\/\\\/szeffesztival.hu\\\/wp-content\\\/uploads\\\/2023\\\/03\\\/295919966_1194441681335787_8980164351682267070_n.jpeg\",\"contentUrl\":\"https:\\\/\\\/szeffesztival.hu\\\/wp-content\\\/uploads\\\/2023\\\/03\\\/295919966_1194441681335787_8980164351682267070_n.jpeg\",\"width\":2000,\"height\":1292},{\"@type\":\"BreadcrumbList\",\"@id\":\"https:\\\/\\\/szeffesztival.hu\\\/location\\\/#breadcrumb\",\"itemListElement\":[{\"@type\":\"ListItem\",\"position\":1,\"name\":\"Kezd\u0151lap\",\"item\":\"https:\\\/\\\/szeffesztival.hu\\\/\"},{\"@type\":\"ListItem\",\"position\":2,\"name\":\"Helysz\u00edn\"}]},{\"@type\":\"WebSite\",\"@id\":\"https:\\\/\\\/szeffesztival.hu\\\/#website\",\"url\":\"https:\\\/\\\/szeffesztival.hu\\\/\",\"name\":\"SZ\u00c9F Fesztiv\u00e1l 2024\",\"description\":\"\",\"publisher\":{\"@id\":\"https:\\\/\\\/szeffesztival.hu\\\/#organization\"},\"potentialAction\":[{\"@type\":\"SearchAction\",\"target\":{\"@type\":\"EntryPoint\",\"urlTemplate\":\"https:\\\/\\\/szeffesztival.hu\\\/?s={search_term_string}\"},\"query-input\":{\"@type\":\"PropertyValueSpecification\",\"valueRequired\":true,\"valueName\":\"search_term_string\"}}],\"inLanguage\":\"en-GB\"},{\"@type\":\"Organization\",\"@id\":\"https:\\\/\\\/szeffesztival.hu\\\/#organization\",\"name\":\"SZ\u00c9F Fesztiv\u00e1l 2024\",\"url\":\"https:\\\/\\\/szeffesztival.hu\\\/\",\"logo\":{\"@type\":\"ImageObject\",\"inLanguage\":\"en-GB\",\"@id\":\"https:\\\/\\\/szeffesztival.hu\\\/#\\\/schema\\\/logo\\\/image\\\/\",\"url\":\"https:\\\/\\\/szeffesztival.hu\\\/wp-content\\\/uploads\\\/2023\\\/03\\\/cropped-logo.png\",\"contentUrl\":\"https:\\\/\\\/szeffesztival.hu\\\/wp-content\\\/uploads\\\/2023\\\/03\\\/cropped-logo.png\",\"width\":512,\"height\":512,\"caption\":\"SZ\u00c9F Fesztiv\u00e1l 2024\"},\"image\":{\"@id\":\"https:\\\/\\\/szeffesztival.hu\\\/#\\\/schema\\\/logo\\\/image\\\/\"},\"sameAs\":[\"https:\\\/\\\/www.facebook.com\\\/szefesztival\",\"https:\\\/\\\/www.instagram.com\\\/szeffesztival\\\/\"]}]}<\/script>\n<!-- \/ Yoast SEO plugin. -->","yoast_head_json":{"title":"Location - SZ\u00c9F Festival 2024","description":"In Western Transdanubia, on the fabulous Sz\u00e9csisziget, in the area of the Szap\u00e1ry Castle, tranquility, a family-friendly community and the venues of the SZ\u00c9F Festival await you!","robots":{"index":"index","follow":"follow","max-snippet":"max-snippet:-1","max-image-preview":"max-image-preview:large","max-video-preview":"max-video-preview:-1"},"canonical":"https:\/\/szeffesztival.hu\/en\/location\/","og_locale":"en_GB","og_type":"article","og_title":"Helysz\u00edn - SZ\u00c9F Fesztiv\u00e1l 2024","og_description":"Nyugat-Dun\u00e1nt\u00falon, a mes\u00e9s Sz\u00e9csiszigeten, a Szap\u00e1ry-kast\u00e9ly ter\u00fclet\u00e9n v\u00e1r a nyugalom, a csal\u00e1dias k\u00f6z\u00f6ss\u00e9g \u00e9s a SZ\u00c9F Fesztiv\u00e1l helysz\u00ednei!","og_url":"https:\/\/szeffesztival.hu\/en\/location\/","og_site_name":"SZ\u00c9F Fesztiv\u00e1l 2024","article_publisher":"https:\/\/www.facebook.com\/szefesztival","article_modified_time":"2024-08-08T21:29:47+00:00","og_image":[{"width":2000,"height":1292,"url":"https:\/\/szeffesztival.hu\/wp-content\/uploads\/2023\/03\/295919966_1194441681335787_8980164351682267070_n.jpeg","type":"image\/jpeg"}],"twitter_card":"summary_large_image","twitter_misc":{"Estimated reading time":"1 minute"},"schema":{"@context":"https:\/\/schema.org","@graph":[{"@type":"WebPage","@id":"https:\/\/szeffesztival.hu\/location\/","url":"https:\/\/szeffesztival.hu\/location\/","name":"Location - SZ\u00c9F Festival 2024","isPartOf":{"@id":"https:\/\/szeffesztival.hu\/#website"},"primaryImageOfPage":{"@id":"https:\/\/szeffesztival.hu\/location\/#primaryimage"},"image":{"@id":"https:\/\/szeffesztival.hu\/location\/#primaryimage"},"thumbnailUrl":"https:\/\/szeffesztival.hu\/wp-content\/uploads\/2023\/03\/295919966_1194441681335787_8980164351682267070_n.jpeg","datePublished":"2019-10-16T19:34:01+00:00","dateModified":"2024-08-08T21:29:47+00:00","description":"In Western Transdanubia, on the fabulous Sz\u00e9csisziget, in the area of the Szap\u00e1ry Castle, tranquility, a family-friendly community and the venues of the SZ\u00c9F Festival await you!","breadcrumb":{"@id":"https:\/\/szeffesztival.hu\/location\/#breadcrumb"},"inLanguage":"en-GB","potentialAction":[{"@type":"ReadAction","target":["https:\/\/szeffesztival.hu\/location\/"]}]},{"@type":"ImageObject","inLanguage":"en-GB","@id":"https:\/\/szeffesztival.hu\/location\/#primaryimage","url":"https:\/\/szeffesztival.hu\/wp-content\/uploads\/2023\/03\/295919966_1194441681335787_8980164351682267070_n.jpeg","contentUrl":"https:\/\/szeffesztival.hu\/wp-content\/uploads\/2023\/03\/295919966_1194441681335787_8980164351682267070_n.jpeg","width":2000,"height":1292},{"@type":"BreadcrumbList","@id":"https:\/\/szeffesztival.hu\/location\/#breadcrumb","itemListElement":[{"@type":"ListItem","position":1,"name":"Kezd\u0151lap","item":"https:\/\/szeffesztival.hu\/"},{"@type":"ListItem","position":2,"name":"Helysz\u00edn"}]},{"@type":"WebSite","@id":"https:\/\/szeffesztival.hu\/#website","url":"https:\/\/szeffesztival.hu\/","name":"SZ\u00c9F Festival 2024","description":"","publisher":{"@id":"https:\/\/szeffesztival.hu\/#organization"},"potentialAction":[{"@type":"SearchAction","target":{"@type":"EntryPoint","urlTemplate":"https:\/\/szeffesztival.hu\/?s={search_term_string}"},"query-input":{"@type":"PropertyValueSpecification","valueRequired":true,"valueName":"search_term_string"}}],"inLanguage":"en-GB"},{"@type":"Organization","@id":"https:\/\/szeffesztival.hu\/#organization","name":"SZ\u00c9F Festival 2024","url":"https:\/\/szeffesztival.hu\/","logo":{"@type":"ImageObject","inLanguage":"en-GB","@id":"https:\/\/szeffesztival.hu\/#\/schema\/logo\/image\/","url":"https:\/\/szeffesztival.hu\/wp-content\/uploads\/2023\/03\/cropped-logo.png","contentUrl":"https:\/\/szeffesztival.hu\/wp-content\/uploads\/2023\/03\/cropped-logo.png","width":512,"height":512,"caption":"SZ\u00c9F Fesztiv\u00e1l 2024"},"image":{"@id":"https:\/\/szeffesztival.hu\/#\/schema\/logo\/image\/"},"sameAs":["https:\/\/www.facebook.com\/szefesztival","https:\/\/www.instagram.com\/szeffesztival\/"]}]}},"_links":{"self":[{"href":"https:\/\/szeffesztival.hu\/en\/wp-json\/wp\/v2\/pages\/128","targetHints":{"allow":["GET"]}}],"collection":[{"href":"https:\/\/szeffesztival.hu\/en\/wp-json\/wp\/v2\/pages"}],"about":[{"href":"https:\/\/szeffesztival.hu\/en\/wp-json\/wp\/v2\/types\/page"}],"author":[{"embeddable":true,"href":"https:\/\/szeffesztival.hu\/en\/wp-json\/wp\/v2\/users\/1"}],"replies":[{"embeddable":true,"href":"https:\/\/szeffesztival.hu\/en\/wp-json\/wp\/v2\/comments?post=128"}],"version-history":[{"count":45,"href":"https:\/\/szeffesztival.hu\/en\/wp-json\/wp\/v2\/pages\/128\/revisions"}],"predecessor-version":[{"id":4777,"href":"https:\/\/szeffesztival.hu\/en\/wp-json\/wp\/v2\/pages\/128\/revisions\/4777"}],"wp:featuredmedia":[{"embeddable":true,"href":"https:\/\/szeffesztival.hu\/en\/wp-json\/wp\/v2\/media\/3604"}],"wp:attachment":[{"href":"https:\/\/szeffesztival.hu\/en\/wp-json\/wp\/v2\/media?parent=128"}],"curies":[{"name":"wp","href":"https:\/\/api.w.org\/{rel}","templated":true}]}}